{"version":"1.0","provider_name":"Faeteda","provider_url":"https:\/\/www.faeteda.org\/en\/","title":"Dise\u00f1ar y organizar eventos culturales accesibles e inclusivos - Faeteda","type":"rich","width":600,"height":338,"html":"<blockquote class=\"wp-embedded-content\" data-secret=\"4nAoU6azBK\"><a href=\"https:\/\/www.faeteda.org\/en\/documentos\/guia-para-disenar-y-organizar-eventos\/\">Dise\u00f1ar y organizar eventos culturales accesibles e inclusivos<\/a><\/blockquote><iframe sandbox=\"allow-scripts\" security=\"restricted\" src=\"https:\/\/www.faeteda.org\/en\/documentos\/guia-para-disenar-y-organizar-eventos\/embed\/#?secret=4nAoU6azBK\" width=\"600\" height=\"338\" title=\"&#8220;Dise\u00f1ar y organizar eventos culturales accesibles e inclusivos&#8221; &#8212; Faeteda\" data-secret=\"4nAoU6azBK\" frameborder=\"0\" marginwidth=\"0\" marginheight=\"0\" scrolling=\"no\" class=\"wp-embedded-content\"><\/iframe><script>\n\/*! This file is auto-generated *\/\n!function(d,l){\"use strict\";l.querySelector&&d.addEventListener&&\"undefined\"!=typeof URL&&(d.wp=d.wp||{},d.wp.receiveEmbedMessage||(d.wp.receiveEmbedMessage=function(e){var t=e.data;if((t||t.secret||t.message||t.value)&&!\/[^a-zA-Z0-9]\/.test(t.secret)){for(var s,r,n,a=l.querySelectorAll('iframe[data-secret=\"'+t.secret+'\"]'),o=l.querySelectorAll('blockquote[data-secret=\"'+t.secret+'\"]'),c=new RegExp(\"^https?:$\",\"i\"),i=0;i<o.length;i++)o[i].style.display=\"none\";for(i=0;i<a.length;i++)s=a[i],e.source===s.contentWindow&&(s.removeAttribute(\"style\"),\"height\"===t.message?(1e3<(r=parseInt(t.value,10))?r=1e3:~~r<200&&(r=200),s.height=r):\"link\"===t.message&&(r=new URL(s.getAttribute(\"src\")),n=new URL(t.value),c.test(n.protocol))&&n.host===r.host&&l.activeElement===s&&(d.top.location.href=t.value))}},d.addEventListener(\"message\",d.wp.receiveEmbedMessage,!1),l.addEventListener(\"DOMContentLoaded\",function(){for(var e,t,s=l.querySelectorAll(\"iframe.wp-embedded-content\"),r=0;r<s.length;r++)(t=(e=s[r]).getAttribute(\"data-secret\"))||(t=Math.random().toString(36).substring(2,12),e.src+=\"#?secret=\"+t,e.setAttribute(\"data-secret\",t)),e.contentWindow.postMessage({message:\"ready\",secret:t},\"*\")},!1)))}(window,document);\n\/\/# sourceURL=https:\/\/www.faeteda.org\/wp-includes\/js\/wp-embed.min.js\n<\/script>\n","thumbnail_url":"https:\/\/www.faeteda.org\/wp-content\/uploads\/2024\/04\/guia-accesibilidad-1024x768-1.png","thumbnail_width":768,"thumbnail_height":948,"description":"Gu\u00eda realizada en el 2016 con motivo de la celebraci\u00f3n del A\u00f1o Cultural Europeo celebrado en San Sebasti\u00e1n. Realizada por Gipuzkoako Gutxitan Fisikoa duten Pertsonen Federazioa Koordinatzailea (Federaci\u00f3n Coordinadora de Personas con Discapacidad F\u00edsica de Gipuzkoa) &nbsp; &nbsp;"}